{"id":985,"date":"2019-05-20T12:03:07","date_gmt":"2019-05-20T10:03:07","guid":{"rendered":"https:\/\/n3asesoria.com\/assesoria\/"},"modified":"2019-05-20T12:03:08","modified_gmt":"2019-05-20T10:03:08","slug":"assesoria","status":"publish","type":"page","link":"https:\/\/n3asesoria.com\/ca\/assesoria\/","title":{"rendered":"Assesoria"},"content":{"rendered":"<div class=\"wpb-content-wrapper\"><p>[vc_row css_animation=&#8221;&#8221; row_type=&#8221;row&#8221; use_row_as_full_screen_section=&#8221;no&#8221; type=&#8221;full_width&#8221; angled_section=&#8221;no&#8221; text_align=&#8221;left&#8221; background_image_as_pattern=&#8221;without_pattern&#8221;][vc_column][vc_empty_space height=&#8221;50px&#8221;][\/vc_column][\/vc_row][vc_row css_animation=&#8221;&#8221; row_type=&#8221;row&#8221; use_row_as_full_screen_section=&#8221;no&#8221; type=&#8221;grid&#8221; angled_section=&#8221;no&#8221; text_align=&#8221;left&#8221; background_image_as_pattern=&#8221;without_pattern&#8221; z_index=&#8221;&#8221; css=&#8221;.vc_custom_1538489292490{padding-top: 50px !important;padding-bottom: 50px !important;}&#8221;][vc_column width=&#8221;1\/4&#8243; css=&#8221;.vc_custom_1538489251188{padding-top: 20px !important;padding-right: 20px !important;padding-bottom: 20px !important;padding-left: 20px !important;background-color: #efefef !important;}&#8221;][vc_column_text]<\/p>\n<h3>Tots els nostres serveis<\/h3>\n<p>&nbsp;<\/p>\n<p><a href=\"http:\/\/n3asesoria.com\/ca\/assesoria#laboral\">Laboral<\/a><br \/>\n<a href=\"http:\/\/n3asesoria.com\/ca\/assesoria#juridico\">Jur\u00eddic<\/a><br \/>\n<a href=\"http:\/\/n3asesoria.com\/ca\/assesoria#economico\">Fiscal y econ\u00f2mic<\/a><br \/>\n<a href=\"http:\/\/n3asesoria.com\/ca\/assesoria#mercantil\">Mercantil<\/a><br \/>\n<a href=\"http:\/\/n3asesoria.com\/ca\/assesoria#ss\">Seguretat Social<\/a>[\/vc_column_text][\/vc_column][vc_column width=&#8221;3\/4&#8243; css=&#8221;.vc_custom_1538489297113{padding-left: 50px !important;}&#8221;][vc_empty_space height=&#8221;20px&#8221;][vc_column_text el_id=&#8221;laboral&#8221;]<\/p>\n<h3>Serveis en l&#8217;\u00e0rea laboral<\/h3>\n<p>[\/vc_column_text][vc_empty_space][vc_accordion active_tab=&#8221;0&#8243; collapsible=&#8221;yes&#8221; style=&#8221;toggle&#8221;][vc_accordion_tab title=&#8221;Efici\u00e8ncia en la contractaci\u00f3 i gesti\u00f3 de pagaments&#8221;]<div class='q_list circle'><\/p>\n<ul>\n<li>Assessorament continu sobre normativa laboral.<\/li>\n<li>Estudi i assessorament sobre el tipus de contracte a realitzar, determinant els costos de<br \/>\ncontractaci\u00f3, observant la possibilitat d&#8217;aplicar les bonificacions existents a la normativa<br \/>\nlaboral.<\/li>\n<li>Assessorament en la formalitzaci\u00f3 de novacions contractuals<\/li>\n<li>Preparaci\u00f3 del calendari laboral.<\/li>\n<li>\u00a0Assessorament i formalitzaci\u00f3 de documentaci\u00f3 en casos de despla\u00e7aments a l&#8217;estranger.<\/li>\n<li>Administraci\u00f3 de personal: preparaci\u00f3 de la n\u00f2mina, pagament a la seguretat social,<br \/>\npagament d&#8217;impostos.<\/li>\n<li>Implementaci\u00f3 de pol\u00edtiques de retribuci\u00f3<\/li>\n<li>Explotaci\u00f3 de dades sobre salaris, personal i absentisme sobre intel\u00b7lig\u00e8ncia empresarial i<br \/>\ninformes.<\/li>\n<\/ul>\n<p><\/div>[\/vc_accordion_tab][vc_accordion_tab title=&#8221;Modernitzaci\u00f3 en comunicaci\u00f3 interna amb el portal del treballador&#8221;]<div class='q_list circle'><\/p>\n<ul>\n<li>Portal d&#8217;empleats amb acc\u00e9s 24\/365 per web i aplicaci\u00f3 per a m\u00f2bils<\/li>\n<li>Gesti\u00f3 de vacances i permisos.<\/li>\n<li>Publicaci\u00f3 autom\u00e0tica de la n\u00f2mina i dels documents de cada treballador<\/li>\n<li>Automatitzaci\u00f3 de la nota de despeses i integraci\u00f3 amb la n\u00f2mina.<\/li>\n<li>Publicaci\u00f3 de comunicacions internes i tauler d&#8217;anuncis.<\/li>\n<li>Actualitzaci\u00f3 de dades personals i CV.<\/li>\n<li>Consulta del calendari de treball personal.<\/li>\n<li>Acc\u00e9s al cat\u00e0leg de formaci\u00f3 i possibilitat de sol\u00b7licitar la inscripci\u00f3 per a l&#8217;activitat<br \/>\nformativa.<\/li>\n<\/ul>\n<p><\/div>[\/vc_accordion_tab][vc_accordion_tab title=&#8221;Panell de control&#8221;]<div class='q_list circle'>Es proporciona al client un informe sobre la visi\u00f3 global de la situaci\u00f3 actual i en comparaci\u00f3 amb exercicis anteriors mitjan\u00e7ant gr\u00e0fics en qu\u00e8 es poden reflectir totes aquestes dades:<\/p>\n<p>&nbsp;<\/p>\n<p><strong>AN\u00c0LISI DE COSTOS<\/strong><\/p>\n<p>&nbsp;<\/p>\n<ul>\n<li>Evoluci\u00f3 dels costos.<\/li>\n<li>Comparaci\u00f3 de costos anuals<\/li>\n<li>Distribuci\u00f3 de costos per centres d\u2019imputaci\u00f3.<\/li>\n<li>Distribuci\u00f3 de costos per categoria.<\/li>\n<\/ul>\n<p>&nbsp;<\/p>\n<p><strong>AN\u00c0LISI DE PLANTILLES<\/strong><\/p>\n<p>&nbsp;<\/p>\n<p>Plantilla i plantilla al final del mes:<\/p>\n<p>&nbsp;<\/p>\n<ul>\n<li>Evoluci\u00f3 de la plantilla.<\/li>\n<li>Comparaci\u00f3 de la plantilla anual.<\/li>\n<li>Pir\u00e0mide de l&#8217;edat.<\/li>\n<li>Distribuci\u00f3 de la plantilla per categories.<\/li>\n<\/ul>\n<p>&nbsp;<\/p>\n<p>Rotaci\u00f3<\/p>\n<p>&nbsp;<\/p>\n<ul>\n<li>Evoluci\u00f3 de la rotaci\u00f3.<\/li>\n<li>Comparaci\u00f3 anual de l\u2019\u00edndex de rotaci\u00f3.<\/li>\n<li>Relaci\u00f3 de m\u00e0xims i m\u00ednims.<\/li>\n<li>Distribuci\u00f3 de v\u00edctimes per categories.<\/li>\n<\/ul>\n<p>&nbsp;<\/p>\n<p>&nbsp;<\/p>\n<p><strong>AN\u00c1LISI D&#8217;ABSENTISME<\/strong><\/p>\n<p>&nbsp;<\/p>\n<ul>\n<li>Evoluci\u00f3 de la taxa d&#8217;absentisme.<\/li>\n<li>Comparaci\u00f3 de la taxa d&#8217;absentisme.<\/li>\n<li>Tipus d&#8217;absentisme.<\/li>\n<li>Distribuci\u00f3 de l\u2019absentisme per categories.<\/li>\n<\/ul>\n<p>&nbsp;<\/p>\n<p><b><span lang=\"ES\">ARXIU DEL TREBALLADOR<\/span><\/b><\/p>\n<p>&nbsp;<\/p>\n<ul>\n<li>Dades dels empleats.<\/li>\n<li>Comparaci\u00f3 de costos anual i taxa d&#8217;absentisme.<\/li>\n<li>Hist\u00f2ria del treball.<\/li>\n<li>Detall d&#8217;absentisme.<\/li>\n<\/ul>\n<p><\/div>[\/vc_accordion_tab][\/vc_accordion][\/vc_column][\/vc_row][vc_row css_animation=&#8221;&#8221; row_type=&#8221;row&#8221; use_row_as_full_screen_section=&#8221;no&#8221; type=&#8221;grid&#8221; anchor=&#8221;juridico&#8221; angled_section=&#8221;no&#8221; text_align=&#8221;left&#8221; background_image_as_pattern=&#8221;without_pattern&#8221; z_index=&#8221;&#8221;][vc_column width=&#8221;1\/4&#8243;][vc_empty_space height=&#8221;75px&#8221;][\/vc_column][vc_column width=&#8221;3\/4&#8243; css=&#8221;.vc_custom_1538688958929{padding-left: 50px !important;}&#8221;][vc_column_text el_id=&#8221;juridico&#8221;]<\/p>\n<h3>Serveis en l&#8217;\u00e0mbit legal<\/h3>\n<p>[\/vc_column_text][vc_empty_space]<div class='q_list circle'><\/p>\n<ul>\n<li>Estudi i assessorament sobre modificacions substancials de les condicions de treball.<\/li>\n<li>Redacci\u00f3 de contractes d\u2019alta direcci\u00f3.<\/li>\n<li>Redacci\u00f3 d\u2019escrits d\u2019avisos als treballadors segons el sistema sancionador.<\/li>\n<li>Assessorament en treballs realitzats en subcontractacions d&#8217;obres i serveis.<\/li>\n<li>Assessorament i redacci\u00f3 en les diferents situacions de suspensi\u00f3 del contracte de treball.<\/li>\n<li>Tramitaci\u00f3 de fitxers de regulaci\u00f3 laboral.<\/li>\n<li>Assessorament i suport en situacions de cessament del contracte de treball,<br \/>\nacomiadament del treballador.<\/li>\n<li>Assist\u00e8ncia a l&#8217;acte de conciliaci\u00f3 abans del proc\u00e9s judicial.<\/li>\n<li>Defensa i assist\u00e8ncia jur\u00eddica en la jurisdicci\u00f3 social i inspecci\u00f3 laboral.<\/li>\n<li>Auditories laborals<\/li>\n<li>Assessorament i assist\u00e8ncia en la negociaci\u00f3 col\u00b7lectiva, reestructuraci\u00f3 d&#8217;empreses i<br \/>\nconvenis col\u00b7lectius.<\/li>\n<\/ul>\n<p><\/div>[vc_separator type=&#8221;normal&#8221; color=&#8221;#023368&#8243; thickness=&#8221;1&#8243; up=&#8221;40&#8243; down=&#8221;40&#8243;][\/vc_column][\/vc_row][vc_row css_animation=&#8221;&#8221; row_type=&#8221;row&#8221; use_row_as_full_screen_section=&#8221;no&#8221; type=&#8221;grid&#8221; anchor=&#8221;economico&#8221; angled_section=&#8221;no&#8221; text_align=&#8221;left&#8221; background_image_as_pattern=&#8221;without_pattern&#8221; z_index=&#8221;&#8221;][vc_column width=&#8221;1\/4&#8243;][vc_empty_space height=&#8221;75px&#8221;][\/vc_column][vc_column width=&#8221;3\/4&#8243; css=&#8221;.vc_custom_1538688964852{padding-left: 50px !important;}&#8221;][vc_column_text el_id=&#8221;economica&#8221;]<\/p>\n<h3>Serveis en l&#8217;\u00e0mbit fiscal econ\u00f2mic<\/h3>\n<p>[\/vc_column_text][vc_empty_space]<div class='q_list circle'><\/p>\n<ul>\n<li>Exercici de tancament de les empreses.<\/li>\n<li>Comptabilitat empresarial.<\/li>\n<li>Declaracions d&#8217;empreses, professionals i particulars.Planificaci\u00f3 fiscal internacional.<\/li>\n<li>Planificaci\u00f3 fiscal dels b\u00e9ns immobles.<\/li>\n<li>Preus de transfer\u00e8ncia.<\/li>\n<li>Declaracions de renda i de patrimoni.<\/li>\n<li>Suport en procediments fiscals, inspeccions fiscals.<\/li>\n<li>Gesti\u00f3 empresarial.<\/li>\n<li>Valoraci\u00f3 de l&#8217;empresa.<\/li>\n<li>Valoraci\u00f3 d\u2019inversions.<\/li>\n<li>Estudis de viabilitat.<\/li>\n<li>Adquisici\u00f3 d\u2019empreses.<\/li>\n<li>Fusions, escissions.<\/li>\n<li>Planificaci\u00f3 i organitzaci\u00f3 industrial.<\/li>\n<li>Planificaci\u00f3 i processament d\u2019her\u00e8ncies.<\/li>\n<li>Protocols familiars.<\/li>\n<\/ul>\n<p><\/div>[vc_separator type=&#8221;normal&#8221; color=&#8221;#023368&#8243; thickness=&#8221;1&#8243; up=&#8221;40&#8243; down=&#8221;40&#8243;][\/vc_column][\/vc_row][vc_row css_animation=&#8221;&#8221; row_type=&#8221;row&#8221; use_row_as_full_screen_section=&#8221;no&#8221; type=&#8221;grid&#8221; anchor=&#8221;mercantil&#8221; angled_section=&#8221;no&#8221; text_align=&#8221;left&#8221; background_image_as_pattern=&#8221;without_pattern&#8221; z_index=&#8221;&#8221;][vc_column width=&#8221;1\/4&#8243;][vc_empty_space height=&#8221;75px&#8221;][\/vc_column][vc_column width=&#8221;3\/4&#8243; css=&#8221;.vc_custom_1538688970506{padding-left: 50px !important;}&#8221;][vc_column_text]<\/p>\n<h3>Serveis en l&#8217;\u00e0rea mercantil<\/h3>\n<p>[\/vc_column_text][vc_empty_space]<div class='q_list circle'><\/p>\n<ul>\n<li>Constituci\u00f3 de societats.<\/li>\n<li>Contractes comercials.<\/li>\n<li>Venda d\u2019empreses.<\/li>\n<li>Registre de marques i noms comercials.<\/li>\n<\/ul>\n<p><\/div>[vc_separator type=&#8221;normal&#8221; color=&#8221;#023368&#8243; thickness=&#8221;1&#8243; up=&#8221;40&#8243; down=&#8221;40&#8243;][\/vc_column][\/vc_row][vc_row css_animation=&#8221;&#8221; row_type=&#8221;row&#8221; use_row_as_full_screen_section=&#8221;no&#8221; type=&#8221;grid&#8221; anchor=&#8221;ss&#8221; angled_section=&#8221;no&#8221; text_align=&#8221;left&#8221; background_image_as_pattern=&#8221;without_pattern&#8221; z_index=&#8221;&#8221;][vc_column width=&#8221;1\/4&#8243;][vc_empty_space height=&#8221;75px&#8221;][\/vc_column][vc_column width=&#8221;3\/4&#8243; css=&#8221;.vc_custom_1538688976560{padding-left: 50px !important;}&#8221;][vc_column_text]<\/p>\n<h3>Serveis en mat\u00e8ria de seguretat social<\/h3>\n<p>[\/vc_column_text][vc_empty_space]<div class='q_list circle'><\/p>\n<ul>\n<li>Tramitaci\u00f3 i gesti\u00f3 de les seg\u00fcents prestacions de seguretat social:<\/li>\n<li>Estudi i c\u00e0lcul de la pensi\u00f3 de jubilaci\u00f3.<\/li>\n<li>Pagament directe d\u2019incapacitat temporal.<\/li>\n<li>Risc durant l\u2019embar\u00e0s.<\/li>\n<li>Risc durant la lact\u00e0ncia.<\/li>\n<li>Maternitat.<\/li>\n<li>Paternitat.<\/li>\n<li>Atenci\u00f3 als nens afectats per c\u00e0ncer o una altra malaltia greu.<\/li>\n<li>Incapacitat permanent.<\/li>\n<li>Les lesions permanents no invalidants.<\/li>\n<li>Auxili per defunci\u00f3.<\/li>\n<li>Pensi\u00f3 de vidu\u00eftat.<\/li>\n<li>Pensi\u00f3 d&#8217;orfandat.<\/li>\n<li>Pensi\u00f3 a favor de familiars.\u2022 Prestacions d&#8217;atur (SPEE).<\/li>\n<li>Tramitaci\u00f3 de la capitalitzaci\u00f3 de la prestaci\u00f3 per desocupaci\u00f3.<\/li>\n<li>Dotaci\u00f3 per cessament de l\u2019activitat dels treballadors aut\u00f2noms.<\/li>\n<li>Prestacions d&#8217;asseguran\u00e7a obligat\u00f2ria de vellesa i invalidesa (SOVI).<\/li>\n<li>Tramitaci\u00f3 de la desc\u00e0rrega al r\u00e8gim especial dels treballadors aut\u00f2noms.<\/li>\n<li>Variacions de la base de cotitzaci\u00f3, conting\u00e8ncies contractades.<\/li>\n<li>Processament d\u2019alta \/ baixa i variaci\u00f3 dels treballadors en r\u00e8gim especial dels empleats<br \/>\ndom\u00e8stics.<\/li>\n<li>Estudi i tramitaci\u00f3 de convenis especials amb seguretat social.<\/li>\n<\/ul>\n<p><\/div>[\/vc_column][\/vc_row][vc_row css_animation=&#8221;&#8221; row_type=&#8221;row&#8221; use_row_as_full_screen_section=&#8221;no&#8221; type=&#8221;full_width&#8221; angled_section=&#8221;no&#8221; text_align=&#8221;left&#8221; background_image_as_pattern=&#8221;without_pattern&#8221;][vc_column][vc_empty_space height=&#8221;75px&#8221;][\/vc_column][\/vc_row]<\/p>\n<\/div>","protected":false},"excerpt":{"rendered":"<p>[vc_row css_animation=&#8221;&#8221; row_type=&#8221;row&#8221; use_row_as_full_screen_section=&#8221;no&#8221; type=&#8221;full_width&#8221; angled_section=&#8221;no&#8221; text_align=&#8221;left&#8221; background_image_as_pattern=&#8221;without_pattern&#8221;][vc_column][vc_empty_space height=&#8221;50px&#8221;][\/vc_column][\/vc_row][vc_row css_animation=&#8221;&#8221; row_type=&#8221;row&#8221; use_row_as_full_screen_section=&#8221;no&#8221; type=&#8221;grid&#8221; angled_section=&#8221;no&#8221; text_align=&#8221;left&#8221; background_image_as_pattern=&#8221;without_pattern&#8221; z_index=&#8221;&#8221; css=&#8221;.vc_custom_1538489292490{padding-top: 50px !important;padding-bottom: 50px !important;}&#8221;][vc_column width=&#8221;1\/4&#8243; css=&#8221;.vc_custom_1538489251188{padding-top: 20px !important;padding-right: 20px !important;padding-bottom: 20px !important;padding-left: 20px !important;background-color: #efefef !important;}&#8221;][vc_column_text] Tots els nostres serveis &nbsp; Laboral Jur\u00eddic Fiscal y econ\u00f2mic Mercantil&#8230;<\/p>\n","protected":false},"author":1,"featured_media":0,"parent":0,"menu_order":0,"comment_status":"closed","ping_status":"closed","template":"full_width.php","meta":{"inline_featured_image":false,"_monsterinsights_skip_tracking":false,"_monsterinsights_sitenote_active":false,"_monsterinsights_sitenote_note":"","_monsterinsights_sitenote_category":0,"footnotes":""},"class_list":["post-985","page","type-page","status-publish","hentry"],"yoast_head":"<!-- This site is optimized with the Yoast SEO plugin v27.4 - https:\/\/yoast.com\/product\/yoast-seo-wordpress\/ -->\n<title>Assesoria - N3 Asesoria<\/title>\n<meta name=\"robots\" content=\"index, follow, max-snippet:-1, max-image-preview:large, max-video-preview:-1\" \/>\n<link rel=\"canonical\" href=\"https:\/\/n3asesoria.com\/ca\/assesoria\/\" \/>\n<meta property=\"og:locale\" content=\"ca_ES\" \/>\n<meta property=\"og:type\" content=\"article\" \/>\n<meta property=\"og:title\" content=\"Assesoria - N3 Asesoria\" \/>\n<meta property=\"og:description\" content=\"[vc_row css_animation=&#8221;&#8221; row_type=&#8221;row&#8221; use_row_as_full_screen_section=&#8221;no&#8221; type=&#8221;full_width&#8221; angled_section=&#8221;no&#8221; text_align=&#8221;left&#8221; background_image_as_pattern=&#8221;without_pattern&#8221;][vc_column][vc_empty_space height=&#8221;50px&#8221;][\/vc_column][\/vc_row][vc_row css_animation=&#8221;&#8221; row_type=&#8221;row&#8221; use_row_as_full_screen_section=&#8221;no&#8221; type=&#8221;grid&#8221; angled_section=&#8221;no&#8221; text_align=&#8221;left&#8221; background_image_as_pattern=&#8221;without_pattern&#8221; z_index=&#8221;&#8221; css=&#8221;.vc_custom_1538489292490{padding-top: 50px !important;padding-bottom: 50px !important;}&#8221;][vc_column width=&#8221;1\/4&#8243; css=&#8221;.vc_custom_1538489251188{padding-top: 20px !important;padding-right: 20px !important;padding-bottom: 20px !important;padding-left: 20px !important;background-color: #efefef !important;}&#8221;][vc_column_text] Tots els nostres serveis &nbsp; Laboral Jur\u00eddic Fiscal y econ\u00f2mic Mercantil...\" \/>\n<meta property=\"og:url\" content=\"https:\/\/n3asesoria.com\/ca\/assesoria\/\" \/>\n<meta property=\"og:site_name\" content=\"N3 Asesoria\" \/>\n<meta property=\"article:modified_time\" content=\"2019-05-20T10:03:08+00:00\" \/>\n<meta name=\"twitter:card\" content=\"summary_large_image\" \/>\n<meta name=\"twitter:label1\" content=\"Temps estimat de lectura\" \/>\n\t<meta name=\"twitter:data1\" content=\"6 minuts\" \/>\n<script type=\"application\/ld+json\" class=\"yoast-schema-graph\">{\"@context\":\"https:\\\/\\\/schema.org\",\"@graph\":[{\"@type\":\"WebPage\",\"@id\":\"https:\\\/\\\/n3asesoria.com\\\/ca\\\/assesoria\\\/\",\"url\":\"https:\\\/\\\/n3asesoria.com\\\/ca\\\/assesoria\\\/\",\"name\":\"Assesoria - N3 Asesoria\",\"isPartOf\":{\"@id\":\"https:\\\/\\\/n3asesoria.com\\\/ca\\\/#website\"},\"datePublished\":\"2019-05-20T10:03:07+00:00\",\"dateModified\":\"2019-05-20T10:03:08+00:00\",\"breadcrumb\":{\"@id\":\"https:\\\/\\\/n3asesoria.com\\\/ca\\\/assesoria\\\/#breadcrumb\"},\"inLanguage\":\"ca\",\"potentialAction\":[{\"@type\":\"ReadAction\",\"target\":[\"https:\\\/\\\/n3asesoria.com\\\/ca\\\/assesoria\\\/\"]}]},{\"@type\":\"BreadcrumbList\",\"@id\":\"https:\\\/\\\/n3asesoria.com\\\/ca\\\/assesoria\\\/#breadcrumb\",\"itemListElement\":[{\"@type\":\"ListItem\",\"position\":1,\"name\":\"Portada\",\"item\":\"https:\\\/\\\/n3asesoria.com\\\/ca\\\/\"},{\"@type\":\"ListItem\",\"position\":2,\"name\":\"Assesoria\"}]},{\"@type\":\"WebSite\",\"@id\":\"https:\\\/\\\/n3asesoria.com\\\/ca\\\/#website\",\"url\":\"https:\\\/\\\/n3asesoria.com\\\/ca\\\/\",\"name\":\"N3 Asesoria\",\"description\":\"Asesoria laboral y formaci\u00f3n para empresas\",\"publisher\":{\"@id\":\"https:\\\/\\\/n3asesoria.com\\\/ca\\\/#\\\/schema\\\/person\\\/f3f4086f9c610806efaaa0a10833cf92\"},\"potentialAction\":[{\"@type\":\"SearchAction\",\"target\":{\"@type\":\"EntryPoint\",\"urlTemplate\":\"https:\\\/\\\/n3asesoria.com\\\/ca\\\/?s={search_term_string}\"},\"query-input\":{\"@type\":\"PropertyValueSpecification\",\"valueRequired\":true,\"valueName\":\"search_term_string\"}}],\"inLanguage\":\"ca\"},{\"@type\":[\"Person\",\"Organization\"],\"@id\":\"https:\\\/\\\/n3asesoria.com\\\/ca\\\/#\\\/schema\\\/person\\\/f3f4086f9c610806efaaa0a10833cf92\",\"name\":\"Paqui Zafra\",\"image\":{\"@type\":\"ImageObject\",\"inLanguage\":\"ca\",\"@id\":\"https:\\\/\\\/secure.gravatar.com\\\/avatar\\\/e5478bca77866310c7ef2fda0fd5e4a6790ebe0444ebf7b9061f2380f6c7f9ef?s=96&d=mm&r=g\",\"url\":\"https:\\\/\\\/secure.gravatar.com\\\/avatar\\\/e5478bca77866310c7ef2fda0fd5e4a6790ebe0444ebf7b9061f2380f6c7f9ef?s=96&d=mm&r=g\",\"contentUrl\":\"https:\\\/\\\/secure.gravatar.com\\\/avatar\\\/e5478bca77866310c7ef2fda0fd5e4a6790ebe0444ebf7b9061f2380f6c7f9ef?s=96&d=mm&r=g\",\"caption\":\"Paqui Zafra\"},\"logo\":{\"@id\":\"https:\\\/\\\/secure.gravatar.com\\\/avatar\\\/e5478bca77866310c7ef2fda0fd5e4a6790ebe0444ebf7b9061f2380f6c7f9ef?s=96&d=mm&r=g\"},\"sameAs\":[\"https:\\\/\\\/n3asesoria.com\"]}]}<\/script>\n<!-- \/ Yoast SEO plugin. -->","yoast_head_json":{"title":"Assesoria - N3 Asesoria","robots":{"index":"index","follow":"follow","max-snippet":"max-snippet:-1","max-image-preview":"max-image-preview:large","max-video-preview":"max-video-preview:-1"},"canonical":"https:\/\/n3asesoria.com\/ca\/assesoria\/","og_locale":"ca_ES","og_type":"article","og_title":"Assesoria - N3 Asesoria","og_description":"[vc_row css_animation=&#8221;&#8221; row_type=&#8221;row&#8221; use_row_as_full_screen_section=&#8221;no&#8221; type=&#8221;full_width&#8221; angled_section=&#8221;no&#8221; text_align=&#8221;left&#8221; background_image_as_pattern=&#8221;without_pattern&#8221;][vc_column][vc_empty_space height=&#8221;50px&#8221;][\/vc_column][\/vc_row][vc_row css_animation=&#8221;&#8221; row_type=&#8221;row&#8221; use_row_as_full_screen_section=&#8221;no&#8221; type=&#8221;grid&#8221; angled_section=&#8221;no&#8221; text_align=&#8221;left&#8221; background_image_as_pattern=&#8221;without_pattern&#8221; z_index=&#8221;&#8221; css=&#8221;.vc_custom_1538489292490{padding-top: 50px !important;padding-bottom: 50px !important;}&#8221;][vc_column width=&#8221;1\/4&#8243; css=&#8221;.vc_custom_1538489251188{padding-top: 20px !important;padding-right: 20px !important;padding-bottom: 20px !important;padding-left: 20px !important;background-color: #efefef !important;}&#8221;][vc_column_text] Tots els nostres serveis &nbsp; Laboral Jur\u00eddic Fiscal y econ\u00f2mic Mercantil...","og_url":"https:\/\/n3asesoria.com\/ca\/assesoria\/","og_site_name":"N3 Asesoria","article_modified_time":"2019-05-20T10:03:08+00:00","twitter_card":"summary_large_image","twitter_misc":{"Temps estimat de lectura":"6 minuts"},"schema":{"@context":"https:\/\/schema.org","@graph":[{"@type":"WebPage","@id":"https:\/\/n3asesoria.com\/ca\/assesoria\/","url":"https:\/\/n3asesoria.com\/ca\/assesoria\/","name":"Assesoria - N3 Asesoria","isPartOf":{"@id":"https:\/\/n3asesoria.com\/ca\/#website"},"datePublished":"2019-05-20T10:03:07+00:00","dateModified":"2019-05-20T10:03:08+00:00","breadcrumb":{"@id":"https:\/\/n3asesoria.com\/ca\/assesoria\/#breadcrumb"},"inLanguage":"ca","potentialAction":[{"@type":"ReadAction","target":["https:\/\/n3asesoria.com\/ca\/assesoria\/"]}]},{"@type":"BreadcrumbList","@id":"https:\/\/n3asesoria.com\/ca\/assesoria\/#breadcrumb","itemListElement":[{"@type":"ListItem","position":1,"name":"Portada","item":"https:\/\/n3asesoria.com\/ca\/"},{"@type":"ListItem","position":2,"name":"Assesoria"}]},{"@type":"WebSite","@id":"https:\/\/n3asesoria.com\/ca\/#website","url":"https:\/\/n3asesoria.com\/ca\/","name":"N3 Asesoria","description":"Asesoria laboral y formaci\u00f3n para empresas","publisher":{"@id":"https:\/\/n3asesoria.com\/ca\/#\/schema\/person\/f3f4086f9c610806efaaa0a10833cf92"},"potentialAction":[{"@type":"SearchAction","target":{"@type":"EntryPoint","urlTemplate":"https:\/\/n3asesoria.com\/ca\/?s={search_term_string}"},"query-input":{"@type":"PropertyValueSpecification","valueRequired":true,"valueName":"search_term_string"}}],"inLanguage":"ca"},{"@type":["Person","Organization"],"@id":"https:\/\/n3asesoria.com\/ca\/#\/schema\/person\/f3f4086f9c610806efaaa0a10833cf92","name":"Paqui Zafra","image":{"@type":"ImageObject","inLanguage":"ca","@id":"https:\/\/secure.gravatar.com\/avatar\/e5478bca77866310c7ef2fda0fd5e4a6790ebe0444ebf7b9061f2380f6c7f9ef?s=96&d=mm&r=g","url":"https:\/\/secure.gravatar.com\/avatar\/e5478bca77866310c7ef2fda0fd5e4a6790ebe0444ebf7b9061f2380f6c7f9ef?s=96&d=mm&r=g","contentUrl":"https:\/\/secure.gravatar.com\/avatar\/e5478bca77866310c7ef2fda0fd5e4a6790ebe0444ebf7b9061f2380f6c7f9ef?s=96&d=mm&r=g","caption":"Paqui Zafra"},"logo":{"@id":"https:\/\/secure.gravatar.com\/avatar\/e5478bca77866310c7ef2fda0fd5e4a6790ebe0444ebf7b9061f2380f6c7f9ef?s=96&d=mm&r=g"},"sameAs":["https:\/\/n3asesoria.com"]}]}},"_links":{"self":[{"href":"https:\/\/n3asesoria.com\/ca\/wp-json\/wp\/v2\/pages\/985","targetHints":{"allow":["GET"]}}],"collection":[{"href":"https:\/\/n3asesoria.com\/ca\/wp-json\/wp\/v2\/pages"}],"about":[{"href":"https:\/\/n3asesoria.com\/ca\/wp-json\/wp\/v2\/types\/page"}],"author":[{"embeddable":true,"href":"https:\/\/n3asesoria.com\/ca\/wp-json\/wp\/v2\/users\/1"}],"replies":[{"embeddable":true,"href":"https:\/\/n3asesoria.com\/ca\/wp-json\/wp\/v2\/comments?post=985"}],"version-history":[{"count":1,"href":"https:\/\/n3asesoria.com\/ca\/wp-json\/wp\/v2\/pages\/985\/revisions"}],"predecessor-version":[{"id":986,"href":"https:\/\/n3asesoria.com\/ca\/wp-json\/wp\/v2\/pages\/985\/revisions\/986"}],"wp:attachment":[{"href":"https:\/\/n3asesoria.com\/ca\/wp-json\/wp\/v2\/media?parent=985"}],"curies":[{"name":"wp","href":"https:\/\/api.w.org\/{rel}","templated":true}]}}