{"id":987,"date":"2019-05-20T12:24:06","date_gmt":"2019-05-20T10:24:06","guid":{"rendered":"https:\/\/n3asesoria.com\/formacio\/"},"modified":"2019-05-20T12:53:17","modified_gmt":"2019-05-20T10:53:17","slug":"formacio","status":"publish","type":"page","link":"https:\/\/n3asesoria.com\/ca\/formacio\/","title":{"rendered":"Formaci\u00f3"},"content":{"rendered":"<div class=\"wpb-content-wrapper\"><p>[vc_row css_animation=&#8221;&#8221; row_type=&#8221;row&#8221; use_row_as_full_screen_section=&#8221;no&#8221; type=&#8221;full_width&#8221; angled_section=&#8221;no&#8221; text_align=&#8221;left&#8221; background_image_as_pattern=&#8221;without_pattern&#8221;][vc_column][vc_empty_space height=&#8221;75px&#8221;][\/vc_column][\/vc_row][vc_row css_animation=&#8221;&#8221; row_type=&#8221;row&#8221; use_row_as_full_screen_section=&#8221;no&#8221; type=&#8221;grid&#8221; angled_section=&#8221;no&#8221; text_align=&#8221;left&#8221; background_image_as_pattern=&#8221;without_pattern&#8221; z_index=&#8221;&#8221;][vc_column][vc_column_text]<\/p>\n<h4>Creiem que la formaci\u00f3 tant de les empreses com de les persones en un valor afegit imprescindible en la nostra societat. Mitjan\u00e7ant el refor\u00e7ament d&#8217;habilitats existents o la creaci\u00f3 de capacitats noves, podem ajudar-te a trobar el que necessites.<\/h4>\n<p>[\/vc_column_text][\/vc_column][\/vc_row][vc_row css_animation=&#8221;&#8221; row_type=&#8221;row&#8221; use_row_as_full_screen_section=&#8221;no&#8221; type=&#8221;full_width&#8221; angled_section=&#8221;no&#8221; text_align=&#8221;left&#8221; background_image_as_pattern=&#8221;without_pattern&#8221;][vc_column][vc_empty_space height=&#8221;75px&#8221;][\/vc_column][\/vc_row][vc_row css_animation=&#8221;&#8221; row_type=&#8221;row&#8221; use_row_as_full_screen_section=&#8221;no&#8221; type=&#8221;grid&#8221; angled_section=&#8221;no&#8221; text_align=&#8221;left&#8221; background_image_as_pattern=&#8221;without_pattern&#8221; z_index=&#8221;&#8221;][vc_column width=&#8221;1\/4&#8243;][vc_single_image image=&#8221;686&#8243; img_size=&#8221;full&#8221; qode_css_animation=&#8221;&#8221;][vc_empty_space][\/vc_column][vc_column width=&#8221;3\/4&#8243;][vc_column_text]<\/p>\n<h3 style=\"text-align: left;\"><strong>Curs Expert T\u00e8cnic Laboral<br \/>\nPROMOCI\u00d3 ESPECIAL 45\u20ac\/mes durant 6 meses<\/strong><\/h3>\n<p>[\/vc_column_text][vc_empty_space][vc_accordion active_tab=&#8221;false&#8221; collapsible=&#8221;yes&#8221; style=&#8221;accordion&#8221;][vc_accordion_tab title=&#8221;PRESENTACI\u00d3 I OBJECTIUS&#8221;][vc_column_text]El curs proposat t\u00e9 la finalitat b\u00e0sica i elemental de formar l\u2019estudiant com a<\/p>\n<p>&nbsp;<\/p>\n<p>Especialista en T\u00e8cnic Laboral que utilitza el programa de n\u00f2mines: <strong>A3 ASESOR nom<\/strong>.<\/p>\n<p>&nbsp;<\/p>\n<p>Amb el nostre curs de t\u00e8cnic laboral obtindreu les habilitats necess\u00e0ries per gestionar totes les obligacions administratives laborals que les empreses tenen en la contractaci\u00f3 de treballadors, ja sigui en termes de prevenci\u00f3 de riscos laborals, moviments d\u2019afiliaci\u00f3 a la seguretat social, contractes laborals, preparaci\u00f3 de n\u00f2mines juntament amb les variables i incid\u00e8ncies del mes, el<br \/>\nc\u00e0lcul de la seguretat social, l\u2019IRPF i el c\u00e0lcul de liquidacions. Tot aix\u00f2 des d&#8217;una perspectiva<br \/>\neminentment pr\u00e0ctica i a trav\u00e9s del PROGRAMA A3 ASESOR nom. En definitiva, els objectius proposats s\u00f3n:<\/p>\n<p>&nbsp;<\/p>\n<ul>\n<li>Adquirir coneixements b\u00e0sics sobre normativa laboral per desenvolupar-los a trav\u00e9s del<br \/>\nprograma de n\u00f2mines.<\/li>\n<li>Conegueu el procediment per introduir dades de l&#8217;empresa, els centres de treball, el<br \/>\nconveni col\u00b7lectiu i els seus treballadors.<\/li>\n<li>Conegueu el procediment d&#8217;inscripci\u00f3, afiliaci\u00f3 i retirada de treballadors a la Seguretat<br \/>\nSocial i gestionar-lo a trav\u00e9s del programa.<\/li>\n<li>Fer la preparaci\u00f3 dels contractes de treball i generar el fitxer de presentaci\u00f3 al SEPE.<\/li>\n<li>Calcular i liquidar les n\u00f2mines del personal, coneixent l\u2019estructura del salari, les percepcions de salari i el car\u00e0cter extrasalarial, les deduccions, les retencions, etc., aix\u00ed com la introducci\u00f3 i el c\u00e0lcul en el programa de les diferents casu\u00edstiques que es generen a les relacions laborals.<\/li>\n<li>Generaci\u00f3 de fitxers RNT i RLC per al pagament de la seguretat social<\/li>\n<li>Generaci\u00f3 del fitxer de c\u00e0lcul de retencions model 111 (mensual i trimestral) i model 190<br \/>\n(relaci\u00f3 anual).<\/li>\n<li>Conegueu l&#8217;\u00fas del programa SILTRA per establir comunicacions amb la seguretat social.<\/li>\n<\/ul>\n<p>[\/vc_column_text][\/vc_accordion_tab][vc_accordion_tab title=&#8221;A QUI VA DIRIGIT?&#8221;][vc_column_text]Aquest curs expert t\u00e9 com a principals destinataris consultors laborals, advocats, graduats socials, gestors d&#8217;empreses i personal, etc. Tamb\u00e9 \u00e9s molt recomanable per a graduats recents i estudiants de les branques de dret, administraci\u00f3 d&#8217;empreses, relacions laborals i recursos humans. Aquest curs \u00e9s una eina excel\u00b7lent per a la formaci\u00f3 professional i l&#8217;actualitzaci\u00f3 i millora del coneixement com a t\u00e8cnic de m\u00e0 d&#8217;obra que utilitza l&#8217;eina amb el programa<strong> A3 ASESOR NOM<\/strong>.[\/vc_column_text][\/vc_accordion_tab][vc_accordion_tab title=&#8221;PROGRAMA FORMATIU&#8221;][vc_column_text]INTRODUCCI\u00d3 A LES RELACIONS LABORALS<\/p>\n<p>&nbsp;<\/p>\n<p>&nbsp;<\/p>\n<ol>\n<li><strong>PREVENCI\u00d3 DE RISCOS LABORALS<\/strong><\/li>\n<\/ol>\n<p>1.1. Prevenci\u00f3 de riscos laborals: FORMACI\u00d3 I VIGIL\u00c0NCIA DE LA SALUT<\/p>\n<p>1.2. Qui s\u00f3n els delegats de prevenci\u00f3?<\/p>\n<p>1.3. Comit\u00e8s de seguretat i salut.<\/p>\n<p>1.4. Com informar i controlar que el treballador ha realitzat formaci\u00f3 en PRL i vigil\u00e0ncia de la salut?<\/p>\n<p>1.5. La Tresoreria General de la Seguretat Social (TGSS): Funcions i estructura.<\/p>\n<p>1.6. El r\u00e8gim general i els r\u00e8gims especials.<\/p>\n<p>1.7. R\u00c8GIM AUT\u00d2NOM: Reformes urgents Llei de treball aut\u00f2nom 6\/2017 del 24 d&#8217;octubre.<\/p>\n<p>&nbsp;<\/p>\n<ol start=\"2\">\n<li><strong>L&#8217;ALTA A LA SEGURETAT SOCIAL<\/strong><\/li>\n<\/ol>\n<p>2.1. El registre de treballadors amb seguretat social.<\/p>\n<p>2.2. Com processem el Codi de compte de cotitzaci\u00f3 (CCC)?<\/p>\n<p>En el cas de ser una empresa.<\/p>\n<p>Marc de la Seguretat Social del representant de la companyia.<\/p>\n<p>En cas de ser aut\u00f2nom.<\/p>\n<p>Mitjan\u00e7ant de assesoria \/ gestor<\/p>\n<p>2.3 Com sol\u00b7licitar autoritzaci\u00f3 per a l&#8217;\u00fas del sistema red?<\/p>\n<p>2.4 Com es pot registrar la seguretat social en l\u00ednia?<\/p>\n<p>Com obtenir el DNI o el n\u00famero d\u2019afiliaci\u00f3 a la Seguretat Social a trav\u00e9s del sistema de red?<\/p>\n<p>El tipus de contracte que voleu fer.<\/p>\n<p>El grup de contribuci\u00f3 i l&#8217;ocupaci\u00f3.<\/p>\n<p>La jornada de treball<\/p>\n<p>&nbsp;<\/p>\n<ol start=\"3\">\n<li><strong>EL CONTRACTE DE TREBALL<\/strong><\/li>\n<\/ol>\n<p>El contracte de treball<\/p>\n<p>Contractes a termini fixos:<\/p>\n<p>Per a treballs o serveis espec\u00edfics<\/p>\n<p>Eventualment per circumst\u00e0ncies de producci\u00f3<\/p>\n<p>Internitat<\/p>\n<p>Contractes de formaci\u00f3: contracte de formaci\u00f3 i aprenentatge<\/p>\n<p>Contractes de formaci\u00f3: contracte de pr\u00e0ctiques<\/p>\n<p>Contracte indefinit per donar suport als emprenedors<\/p>\n<p>Contracte &#8220;tipus fix&#8221; (Reial decret 3\/2014)<\/p>\n<p>Promoci\u00f3 de contractes permanents i temporals per a persones amb discapacitat Temps parcial amb enlla\u00e7 d&#8217;entrenament<\/p>\n<p>Contractaci\u00f3 indefinida d&#8217;un jove per microempreses i emprenedors aut\u00f2noms<\/p>\n<p>Incentius a la contractaci\u00f3 de nous projectes empresarials joves<\/p>\n<p>Primera feina jove<\/p>\n<p>Incentius per als contractes de pr\u00e0ctiques per al primer treball<\/p>\n<p>SNGJ. Beneficiaris i mesures de suport a la contractaci\u00f3<\/p>\n<p>Contractaci\u00f3 per a la promoci\u00f3 de la recerca<\/p>\n<p>Contracte de contracte \/ descans del treball a temps parcial Contracte per un per\u00edode indefinit de fixos-discontinus<\/p>\n<p>Assist\u00e8ncia financera per acompanyar els joves inscrits al Sistema Nacional de Garantia Juvenil que signen un contracte de formaci\u00f3 i aprenentatge.<\/p>\n<p>&nbsp;<\/p>\n<ol start=\"4\">\n<li><strong>LA N\u00d2MINA<\/strong><\/li>\n<\/ol>\n<p>&nbsp;<\/p>\n<p>ESTRUCTURA DEL RECEPCI\u00d3 DE SALARIS<\/p>\n<p>&nbsp;<\/p>\n<p>4.1. Direcci\u00f3 amb la identificaci\u00f3 de l&#8217;empresa i del treballador.<\/p>\n<p>4.2. Acumulacions<\/p>\n<p>Conceptes de retribuci\u00f3 i salari extra.<\/p>\n<p>Els salaris b\u00e0sics i els suplements salarials<\/p>\n<p>Salari en esp\u00e8cie<\/p>\n<p>Pagaments addicionals<\/p>\n<p>4.3. Deduccions<\/p>\n<p>4.4. Bases de cotitzaci\u00f3<\/p>\n<p>4.5. Firmes<\/p>\n<p>&nbsp;<\/p>\n<ol start=\"5\">\n<li><strong>PROGRAMA A3 NOM<\/strong><\/li>\n<\/ol>\n<p>&nbsp;<\/p>\n<p>5.1. N\u00f2mina.<\/p>\n<p>5.2. Com enviar els fitxers a les diferents administracions.<\/p>\n<p>5.3. C\u00e0lcul IRPF.<\/p>\n<p>&nbsp;<\/p>\n<p><strong>6.- PROGRAMA SILTRA<\/strong><\/p>\n<p>&nbsp;<\/p>\n<p>6.1. CONFIGURACI\u00d3 DEL SILTRA<\/p>\n<p>&nbsp;<\/p>\n<p>6.2. COTITZACI\u00d3<\/p>\n<ul>\n<li>PROCESSOS REMESES COTITZACI\u00d3<\/li>\n<li>IMPRESSI\u00d3<\/li>\n<\/ul>\n<p>-DOCUMENTS RNT<\/p>\n<p>-DOCUMENTS RLC<\/p>\n<p>-DOCUMENTS DCL<\/p>\n<p>&nbsp;<\/p>\n<p>6.3.AFILIACI\u00d3 &#8211; INSS<\/p>\n<p><strong>\u00a0<\/strong><\/p>\n<ul>\n<li>PROCESSAR REMESES AFILIACI\u00d3<\/li>\n<li>PROCESSAR REMESES INSS<\/li>\n<\/ul>\n<p>&nbsp;<\/p>\n<p>6.4. COMUNICACIONS<\/p>\n<p>&nbsp;<\/p>\n<ul>\n<li>ENVIAMENT I RECEPCI\u00d3<\/li>\n<li>CONSULTA D\u2019ENVIAMENTS COTITZACI\u00d3<\/li>\n<li>CONSULTA D&#8217;ENVIAMENTS AFILIACI\u00d3 \/ INSS<\/li>\n<li>SEGUIMENT DE LIQUIDACIONS<\/li>\n<li>B\u00daSTIA D\u2019ENTRADA<\/li>\n<li>B\u00daSTIA DE SORTIDA<\/li>\n<li>RECONSTRUCCI\u00d3 B\u00daSTIA D\u2019ENTRADA<\/li>\n<\/ul>\n<p>&nbsp;<\/p>\n<p>6.5. UTILITATS<\/p>\n<p>&nbsp;<\/p>\n<ul>\n<li>RECONSTRUCCI\u00d3 DE SEGUIMENT<\/li>\n<li>C\u00d2PIES DE SEGURETAT<\/li>\n<li>PROCESSAR MISSATGES DESCARREGATS WEB<\/li>\n<\/ul>\n<p>[\/vc_column_text][\/vc_accordion_tab][vc_accordion_tab title=&#8221;Duraci\u00f3 i preu&#8221;]<div class='q_list circle'>La modalitat d\u2019aprenentatge a dist\u00e0ncia d\u2019aquest curs permet a l\u2019estudiant fer compatible la formaci\u00f3 amb la seva disponibilitat de temps i lloc de resid\u00e8ncia.<\/p>\n<p>&nbsp;<\/p>\n<ul>\n<li><strong>Professorat<\/strong>: sempre amb un tutor personalitzat que ofereix a l&#8217;estudiant una assist\u00e8ncia directa i personal a trav\u00e9s de consultes, correu electr\u00f2nic, tel\u00e8fon&#8230;<\/li>\n<li><strong>Documentaci\u00f3 i v\u00eddeo<\/strong>: la documentaci\u00f3 es proporciona a l&#8217;estudiant actualitzada<br \/>\ncompletament i en un format professional i clar. La seva acurada elaboraci\u00f3 i actualitzaci\u00f3 permanent fan del material d\u2019estudi una eina valuosa durant el desenvolupament de l\u2019activitat formativa i la seva posterior activitat professional. La documentaci\u00f3 es lliurar\u00e0 a l&#8217;estudiant mensualment un cop assimilada la tem\u00e0tica de cada unitat docent.<\/li>\n<li><strong>Avaluaci\u00f3<\/strong>: Hi ha un sistema d\u2019avaluaci\u00f3 cont\u00ednua, l\u2019estudiant ha de superar les pr\u00e0ctiques corresponents que s\u2019indiquen.<\/li>\n<\/ul>\n<p><\/div>[\/vc_accordion_tab][\/vc_accordion][vc_empty_space height=&#8221;25px&#8221;]\n\n\t<a href=\"https:\/\/pzafra.nubily-educa.com\/educa\/campus\/menu.html?account=n3\" target=\"_blank\" style=\"color: #ffffff;background-color: #023368\" class=\"qode-btn qode-btn-medium qode-btn-solid qode-btn-custom-hover-bg qode-btn-custom-hover-color qode-btn-icon qode-btn-default-hover\" data-hover-bg-color=\"#a7a9ac\" data-hover-color=\"#ffffff\" >\n\t    <span class=\"qode-btn-text\">Accedir al curs<\/span><span class=\"qode-button-v2-icon-holder\"  ><span aria-hidden=\"true\" class=\"qode_icon_font_elegant icon_book qode-button-v2-icon-holder-inner\" ><\/span><\/span>\t<\/a>\n\n[vc_column_text css=&#8221;.vc_custom_1539161398541{padding-top: 25px !important;padding-bottom: 25px !important;}&#8221;]N3 Assessoria imparteix cursos a trav\u00e9s de la plataforma Nubily Educa Manager.[\/vc_column_text][\/vc_column][\/vc_row][vc_row css_animation=&#8221;&#8221; row_type=&#8221;row&#8221; use_row_as_full_screen_section=&#8221;no&#8221; type=&#8221;full_width&#8221; angled_section=&#8221;no&#8221; text_align=&#8221;left&#8221; background_image_as_pattern=&#8221;without_pattern&#8221;][vc_column][vc_empty_space height=&#8221;75px&#8221;][\/vc_column][\/vc_row]<\/p>\n<\/div>","protected":false},"excerpt":{"rendered":"<p>[vc_row css_animation=&#8221;&#8221; row_type=&#8221;row&#8221; use_row_as_full_screen_section=&#8221;no&#8221; type=&#8221;full_width&#8221; angled_section=&#8221;no&#8221; text_align=&#8221;left&#8221; background_image_as_pattern=&#8221;without_pattern&#8221;][vc_column][vc_empty_space height=&#8221;75px&#8221;][\/vc_column][\/vc_row][vc_row css_animation=&#8221;&#8221; row_type=&#8221;row&#8221; use_row_as_full_screen_section=&#8221;no&#8221; type=&#8221;grid&#8221; angled_section=&#8221;no&#8221; text_align=&#8221;left&#8221; background_image_as_pattern=&#8221;without_pattern&#8221; z_index=&#8221;&#8221;][vc_column][vc_column_text] Creiem que la formaci\u00f3 tant de les empreses com de les persones en un valor afegit imprescindible en la nostra societat. Mitjan\u00e7ant el refor\u00e7ament d&#8217;habilitats existents o la&#8230;<\/p>\n","protected":false},"author":1,"featured_media":0,"parent":0,"menu_order":0,"comment_status":"closed","ping_status":"closed","template":"full_width.php","meta":{"inline_featured_image":false,"_monsterinsights_skip_tracking":false,"_monsterinsights_sitenote_active":false,"_monsterinsights_sitenote_note":"","_monsterinsights_sitenote_category":0,"footnotes":""},"class_list":["post-987","page","type-page","status-publish","hentry"],"yoast_head":"<!-- This site is optimized with the Yoast SEO plugin v27.4 - https:\/\/yoast.com\/product\/yoast-seo-wordpress\/ -->\n<title>Formaci\u00f3 - N3 Asesoria<\/title>\n<meta name=\"robots\" content=\"index, follow, max-snippet:-1, max-image-preview:large, max-video-preview:-1\" \/>\n<link rel=\"canonical\" href=\"https:\/\/n3asesoria.com\/ca\/formacio\/\" \/>\n<meta property=\"og:locale\" content=\"ca_ES\" \/>\n<meta property=\"og:type\" content=\"article\" \/>\n<meta property=\"og:title\" content=\"Formaci\u00f3 - N3 Asesoria\" \/>\n<meta property=\"og:description\" content=\"[vc_row css_animation=&#8221;&#8221; row_type=&#8221;row&#8221; use_row_as_full_screen_section=&#8221;no&#8221; type=&#8221;full_width&#8221; angled_section=&#8221;no&#8221; text_align=&#8221;left&#8221; background_image_as_pattern=&#8221;without_pattern&#8221;][vc_column][vc_empty_space height=&#8221;75px&#8221;][\/vc_column][\/vc_row][vc_row css_animation=&#8221;&#8221; row_type=&#8221;row&#8221; use_row_as_full_screen_section=&#8221;no&#8221; type=&#8221;grid&#8221; angled_section=&#8221;no&#8221; text_align=&#8221;left&#8221; background_image_as_pattern=&#8221;without_pattern&#8221; z_index=&#8221;&#8221;][vc_column][vc_column_text] Creiem que la formaci\u00f3 tant de les empreses com de les persones en un valor afegit imprescindible en la nostra societat. Mitjan\u00e7ant el refor\u00e7ament d&#8217;habilitats existents o la...\" \/>\n<meta property=\"og:url\" content=\"https:\/\/n3asesoria.com\/ca\/formacio\/\" \/>\n<meta property=\"og:site_name\" content=\"N3 Asesoria\" \/>\n<meta property=\"article:modified_time\" content=\"2019-05-20T10:53:17+00:00\" \/>\n<meta name=\"twitter:card\" content=\"summary_large_image\" \/>\n<meta name=\"twitter:label1\" content=\"Temps estimat de lectura\" \/>\n\t<meta name=\"twitter:data1\" content=\"7 minuts\" \/>\n<script type=\"application\/ld+json\" class=\"yoast-schema-graph\">{\"@context\":\"https:\\\/\\\/schema.org\",\"@graph\":[{\"@type\":\"WebPage\",\"@id\":\"https:\\\/\\\/n3asesoria.com\\\/ca\\\/formacio\\\/\",\"url\":\"https:\\\/\\\/n3asesoria.com\\\/ca\\\/formacio\\\/\",\"name\":\"Formaci\u00f3 - N3 Asesoria\",\"isPartOf\":{\"@id\":\"https:\\\/\\\/n3asesoria.com\\\/ca\\\/#website\"},\"datePublished\":\"2019-05-20T10:24:06+00:00\",\"dateModified\":\"2019-05-20T10:53:17+00:00\",\"breadcrumb\":{\"@id\":\"https:\\\/\\\/n3asesoria.com\\\/ca\\\/formacio\\\/#breadcrumb\"},\"inLanguage\":\"ca\",\"potentialAction\":[{\"@type\":\"ReadAction\",\"target\":[\"https:\\\/\\\/n3asesoria.com\\\/ca\\\/formacio\\\/\"]}]},{\"@type\":\"BreadcrumbList\",\"@id\":\"https:\\\/\\\/n3asesoria.com\\\/ca\\\/formacio\\\/#breadcrumb\",\"itemListElement\":[{\"@type\":\"ListItem\",\"position\":1,\"name\":\"Portada\",\"item\":\"https:\\\/\\\/n3asesoria.com\\\/ca\\\/\"},{\"@type\":\"ListItem\",\"position\":2,\"name\":\"Formaci\u00f3\"}]},{\"@type\":\"WebSite\",\"@id\":\"https:\\\/\\\/n3asesoria.com\\\/ca\\\/#website\",\"url\":\"https:\\\/\\\/n3asesoria.com\\\/ca\\\/\",\"name\":\"N3 Asesoria\",\"description\":\"Asesoria laboral y formaci\u00f3n para empresas\",\"publisher\":{\"@id\":\"https:\\\/\\\/n3asesoria.com\\\/ca\\\/#\\\/schema\\\/person\\\/f3f4086f9c610806efaaa0a10833cf92\"},\"potentialAction\":[{\"@type\":\"SearchAction\",\"target\":{\"@type\":\"EntryPoint\",\"urlTemplate\":\"https:\\\/\\\/n3asesoria.com\\\/ca\\\/?s={search_term_string}\"},\"query-input\":{\"@type\":\"PropertyValueSpecification\",\"valueRequired\":true,\"valueName\":\"search_term_string\"}}],\"inLanguage\":\"ca\"},{\"@type\":[\"Person\",\"Organization\"],\"@id\":\"https:\\\/\\\/n3asesoria.com\\\/ca\\\/#\\\/schema\\\/person\\\/f3f4086f9c610806efaaa0a10833cf92\",\"name\":\"Paqui Zafra\",\"image\":{\"@type\":\"ImageObject\",\"inLanguage\":\"ca\",\"@id\":\"https:\\\/\\\/secure.gravatar.com\\\/avatar\\\/e5478bca77866310c7ef2fda0fd5e4a6790ebe0444ebf7b9061f2380f6c7f9ef?s=96&d=mm&r=g\",\"url\":\"https:\\\/\\\/secure.gravatar.com\\\/avatar\\\/e5478bca77866310c7ef2fda0fd5e4a6790ebe0444ebf7b9061f2380f6c7f9ef?s=96&d=mm&r=g\",\"contentUrl\":\"https:\\\/\\\/secure.gravatar.com\\\/avatar\\\/e5478bca77866310c7ef2fda0fd5e4a6790ebe0444ebf7b9061f2380f6c7f9ef?s=96&d=mm&r=g\",\"caption\":\"Paqui Zafra\"},\"logo\":{\"@id\":\"https:\\\/\\\/secure.gravatar.com\\\/avatar\\\/e5478bca77866310c7ef2fda0fd5e4a6790ebe0444ebf7b9061f2380f6c7f9ef?s=96&d=mm&r=g\"},\"sameAs\":[\"https:\\\/\\\/n3asesoria.com\"]}]}<\/script>\n<!-- \/ Yoast SEO plugin. -->","yoast_head_json":{"title":"Formaci\u00f3 - N3 Asesoria","robots":{"index":"index","follow":"follow","max-snippet":"max-snippet:-1","max-image-preview":"max-image-preview:large","max-video-preview":"max-video-preview:-1"},"canonical":"https:\/\/n3asesoria.com\/ca\/formacio\/","og_locale":"ca_ES","og_type":"article","og_title":"Formaci\u00f3 - N3 Asesoria","og_description":"[vc_row css_animation=&#8221;&#8221; row_type=&#8221;row&#8221; use_row_as_full_screen_section=&#8221;no&#8221; type=&#8221;full_width&#8221; angled_section=&#8221;no&#8221; text_align=&#8221;left&#8221; background_image_as_pattern=&#8221;without_pattern&#8221;][vc_column][vc_empty_space height=&#8221;75px&#8221;][\/vc_column][\/vc_row][vc_row css_animation=&#8221;&#8221; row_type=&#8221;row&#8221; use_row_as_full_screen_section=&#8221;no&#8221; type=&#8221;grid&#8221; angled_section=&#8221;no&#8221; text_align=&#8221;left&#8221; background_image_as_pattern=&#8221;without_pattern&#8221; z_index=&#8221;&#8221;][vc_column][vc_column_text] Creiem que la formaci\u00f3 tant de les empreses com de les persones en un valor afegit imprescindible en la nostra societat. Mitjan\u00e7ant el refor\u00e7ament d&#8217;habilitats existents o la...","og_url":"https:\/\/n3asesoria.com\/ca\/formacio\/","og_site_name":"N3 Asesoria","article_modified_time":"2019-05-20T10:53:17+00:00","twitter_card":"summary_large_image","twitter_misc":{"Temps estimat de lectura":"7 minuts"},"schema":{"@context":"https:\/\/schema.org","@graph":[{"@type":"WebPage","@id":"https:\/\/n3asesoria.com\/ca\/formacio\/","url":"https:\/\/n3asesoria.com\/ca\/formacio\/","name":"Formaci\u00f3 - N3 Asesoria","isPartOf":{"@id":"https:\/\/n3asesoria.com\/ca\/#website"},"datePublished":"2019-05-20T10:24:06+00:00","dateModified":"2019-05-20T10:53:17+00:00","breadcrumb":{"@id":"https:\/\/n3asesoria.com\/ca\/formacio\/#breadcrumb"},"inLanguage":"ca","potentialAction":[{"@type":"ReadAction","target":["https:\/\/n3asesoria.com\/ca\/formacio\/"]}]},{"@type":"BreadcrumbList","@id":"https:\/\/n3asesoria.com\/ca\/formacio\/#breadcrumb","itemListElement":[{"@type":"ListItem","position":1,"name":"Portada","item":"https:\/\/n3asesoria.com\/ca\/"},{"@type":"ListItem","position":2,"name":"Formaci\u00f3"}]},{"@type":"WebSite","@id":"https:\/\/n3asesoria.com\/ca\/#website","url":"https:\/\/n3asesoria.com\/ca\/","name":"N3 Asesoria","description":"Asesoria laboral y formaci\u00f3n para empresas","publisher":{"@id":"https:\/\/n3asesoria.com\/ca\/#\/schema\/person\/f3f4086f9c610806efaaa0a10833cf92"},"potentialAction":[{"@type":"SearchAction","target":{"@type":"EntryPoint","urlTemplate":"https:\/\/n3asesoria.com\/ca\/?s={search_term_string}"},"query-input":{"@type":"PropertyValueSpecification","valueRequired":true,"valueName":"search_term_string"}}],"inLanguage":"ca"},{"@type":["Person","Organization"],"@id":"https:\/\/n3asesoria.com\/ca\/#\/schema\/person\/f3f4086f9c610806efaaa0a10833cf92","name":"Paqui Zafra","image":{"@type":"ImageObject","inLanguage":"ca","@id":"https:\/\/secure.gravatar.com\/avatar\/e5478bca77866310c7ef2fda0fd5e4a6790ebe0444ebf7b9061f2380f6c7f9ef?s=96&d=mm&r=g","url":"https:\/\/secure.gravatar.com\/avatar\/e5478bca77866310c7ef2fda0fd5e4a6790ebe0444ebf7b9061f2380f6c7f9ef?s=96&d=mm&r=g","contentUrl":"https:\/\/secure.gravatar.com\/avatar\/e5478bca77866310c7ef2fda0fd5e4a6790ebe0444ebf7b9061f2380f6c7f9ef?s=96&d=mm&r=g","caption":"Paqui Zafra"},"logo":{"@id":"https:\/\/secure.gravatar.com\/avatar\/e5478bca77866310c7ef2fda0fd5e4a6790ebe0444ebf7b9061f2380f6c7f9ef?s=96&d=mm&r=g"},"sameAs":["https:\/\/n3asesoria.com"]}]}},"_links":{"self":[{"href":"https:\/\/n3asesoria.com\/ca\/wp-json\/wp\/v2\/pages\/987","targetHints":{"allow":["GET"]}}],"collection":[{"href":"https:\/\/n3asesoria.com\/ca\/wp-json\/wp\/v2\/pages"}],"about":[{"href":"https:\/\/n3asesoria.com\/ca\/wp-json\/wp\/v2\/types\/page"}],"author":[{"embeddable":true,"href":"https:\/\/n3asesoria.com\/ca\/wp-json\/wp\/v2\/users\/1"}],"replies":[{"embeddable":true,"href":"https:\/\/n3asesoria.com\/ca\/wp-json\/wp\/v2\/comments?post=987"}],"version-history":[{"count":5,"href":"https:\/\/n3asesoria.com\/ca\/wp-json\/wp\/v2\/pages\/987\/revisions"}],"predecessor-version":[{"id":1011,"href":"https:\/\/n3asesoria.com\/ca\/wp-json\/wp\/v2\/pages\/987\/revisions\/1011"}],"wp:attachment":[{"href":"https:\/\/n3asesoria.com\/ca\/wp-json\/wp\/v2\/media?parent=987"}],"curies":[{"name":"wp","href":"https:\/\/api.w.org\/{rel}","templated":true}]}}